{"id":80,"date":"2015-09-10T14:54:34","date_gmt":"2015-09-10T18:54:34","guid":{"rendered":"http:\/\/www.gregorian.ca\/wp\/?page_id=80"},"modified":"2024-06-01T12:25:19","modified_gmt":"2024-06-01T16:25:19","slug":"actualites","status":"publish","type":"page","link":"https:\/\/www.gregorian.ca\/wp\/?page_id=80","title":{"rendered":"Actualit\u00e9s"},"content":{"rendered":"\n<p class=\"has-text-align-center has-large-font-size\">Cantemus 2024<\/p>\n\n\n<p><a href=\"https:\/\/www.gregorian.ca\/wp\/?attachment_id=2392\" rel=\"attachment wp-att-2392\">Cantemus-2024-FR-1-11<\/a><\/p>\n<p><a href=\"https:\/\/www.gregorian.ca\/wp\/?attachment_id=2393\" rel=\"attachment wp-att-2393\">Cantemus-2024-FR-12-14<\/a><\/p>\n\n\n<p class=\"has-text-align-center has-large-font-size\"><a href=\"https:\/\/www.gregorian.ca\/wp\/wp-content\/uploads\/2023\/03\/3fb0a058-4ed7-4308-ad41-eca507edb0e2.pdf\"><strong>Cantemus 2023<\/strong><\/a><\/p>\n\n\n\n<p class=\"has-text-align-center has-large-font-size\"><strong>Appel \u00e0 communications<\/strong><\/p>\n\n\n\n<p class=\"has-text-align-center has-large-font-size\">La restauration du chant gr\u00e9gorien<\/p>\n\n\n\n<p class=\"has-text-align-center\" style=\"font-size:30px\"><strong>Hommage \u00e0 dom Joseph Pothier (1835-1923)<\/strong><\/p>\n\n\n\n<p class=\"has-text-align-center\"><br>\u00c0 l\u2019occasion du centenaire de la mort de dom Joseph Pothier (1835-1923) et du 140e<br>anniversaire de la publication du Liber Gradualis (1883), l\u2019Association Musicologie<br>M\u00e9di\u00e9vale et l\u2019abbaye Saint-Wandrille vous invitent \u00e0 proposer des communications<br>pour une conf\u00e9rence qui se tiendra du 30 octobre au 1er novembre 2023 \u00e0 l\u2019abbaye<br>Saint-Wandrille (Normandie) et qui a pour titre <\/p>\n\n\n\n<p class=\"has-text-align-center\"><strong>La restauration du chant gr\u00e9gorien Hommage \u00e0 dom Joseph Pothier (1835-1923).<\/strong><\/p>\n\n\n\n<p class=\"has-text-align-center\"><br>Les propositions peuvent notamment, mais non exclusivement, porter sur les travaux<br>de dom Pothier. Seront entre autres accept\u00e9es les propositions de communications sur<br>la restauration du chant gr\u00e9gorien en g\u00e9n\u00e9ral, d\u2019hier \u00e0 aujourd\u2019hui, et sur ses aspects<br>sociopolitiques (19e si\u00e8cle et d\u00e9but 20e si\u00e8cle). Les propositions traitant de<br>pal\u00e9ographie musicale et de pratiques d\u2019interpr\u00e9tation du chant gr\u00e9gorien sont<br>\u00e9galement bienvenues.<br>Les communications (en fran\u00e7ais ou en anglais) dureront 20 minutes, suivies d\u2019une<br>p\u00e9riode de discussion de 10 minutes.<br>La date limite de soumission des propositions est fix\u00e9e au 15 mars 2023.<br>Veuillez inclure (fichier MSWord ou PDF), en fran\u00e7ais ou en anglais, un r\u00e9sum\u00e9 ne<br>d\u00e9passant pas 250 mots et une notice biographique de 150 mots maximum, en<br>indiquant, s\u2019il y a lieu, toute affiliation institutionnelle. S.V.P., faites parvenir ces<br>documents \u00e0<strong> musicologie.medievale@gmail.com<\/strong><br>Le Comit\u00e9 scientifique est form\u00e9 de Juan Carlos Asensio (Escola Superior de M\u00fasica<br>de Catalunya), Dominique Crochu (Musicologie M\u00e9di\u00e9vale), Katharine Ellis<br>(University of Cambridge), Jean-Pierre Noiseux (chercheur ind\u00e9pendant, Montr\u00e9al) et<br>Fr\u00e9d\u00e9ric Peruta, o.s.b. (Abbaye Saint-Wandrille).<br>Coordinateur : Dominique Gatt\u00e9 (Musicologie M\u00e9di\u00e9vale)<\/p>\n\n\n\n<p><\/p>\n\n\n\n<hr class=\"wp-block-separator has-alpha-channel-opacity\"\/>\n\n\n\n<p><\/p>\n\n\n\n<p><\/p>\n\n\n<div class=\"wp-block-image\">\n<figure class=\"aligncenter\"><img decoding=\"async\" src=\"https:\/\/mail.google.com\/mail\/u\/0?ui=2&amp;ik=6f6fd498d5&amp;attid=0.1&amp;permmsgid=msg-f:1651139516668536204&amp;th=16ea06a46da3658c&amp;view=fimg&amp;sz=s0-l75-ft&amp;attbid=ANGjdJ_pFnUOW3iUZnqomCZglwkwe0MOaYgKkN3bmCSuSX6EfxKPjLH15GIb1RynqPy94PHdnRKudzF1bNX76jZQhQQBOhCa1UfChD-Nku5ZKrzxW0EXWfZ97cgQ0vE&amp;disp=emb&amp;realattid=16ea0692751e8ceae861\" alt=\"image\"\/><\/figure>\n<\/div>\n\n\n<p><strong>40\u00b0 Corso Internazionale di&nbsp;<\/strong><strong>Canto Gregoriano<\/strong><\/p>\n\n\n\n<p><strong>A.I.S.C.Gre.&nbsp;<\/strong><strong>Associazione Internazionale Studi di Canto Gregoriano &#8211; sez. italiana<\/strong><\/p>\n\n\n\n<p><a href=\"http:\/\/www.aiscgre.it\/\" data-saferedirecturl=\"https:\/\/www.google.com\/url?q=http:\/\/www.aiscgre.it&amp;source=gmail&amp;ust=1574813024187000&amp;usg=AFQjCNHUO5gtmb9tEQmBvUq7NgQMNmQgEA\">www.aiscgre.it<\/a><\/p>\n\n\n\n<p>sessione invernale:<strong>&nbsp;2 &#8211; 5 gennaio 2020, Cremona<\/strong><\/p>\n\n\n\n<p>docenti:&nbsp;<strong>Giovanni Conti,&nbsp;<\/strong><strong>Angelo Corno,&nbsp;<\/strong><strong>Alessandro De Lillo,&nbsp;<\/strong><strong>Riccardo Zoja<\/strong><\/p>\n\n\n\n<p><strong>Ricordiamo a tutti gli interessati che le iscrizioni saranno aperte fino al giorno 5 dicembre 2019<\/strong><\/p>\n\n\n\n<p>Tutte le informazioni sui programmi dei corsi e le possibilit\u00e0 di alloggio a prezzi convenzionati&nbsp;sono reperibili sul depliant:<\/p>\n\n\n\n<figure class=\"wp-block-table\"><table><tbody><tr><td>&nbsp;&nbsp;&nbsp;&nbsp;<a href=\"http:\/\/www.aiscgre.it\/images\/depli1920new.pdf\" data-saferedirecturl=\"https:\/\/www.google.com\/url?q=http:\/\/www.aiscgre.it\/images\/depli1920new.pdf&amp;source=gmail&amp;ust=1574813024187000&amp;usg=AFQjCNE_6xnOXBcn6fppbEh3vGwOih5hXA\">scarica qui il depliant in pdf<\/a><\/td><\/tr><\/tbody><\/table><\/figure>\n\n\n\n<p>Per accedere al sito e iscriversi:<\/p>\n\n\n\n<figure class=\"wp-block-table\"><table><tbody><tr><td><a href=\"http:\/\/www.aiscgre.it\/index.php?option=com_foxcontact&amp;view=foxcontact&amp;Itemid=129\" data-saferedirecturl=\"https:\/\/www.google.com\/url?q=http:\/\/www.aiscgre.it\/index.php?option%3Dcom_foxcontact%26view%3Dfoxcontact%26Itemid%3D129&amp;source=gmail&amp;ust=1574813024187000&amp;usg=AFQjCNGHby4k_WULX0EDjyLoUVqGZTIAtw\">compila qui la scheda di iscrizione<\/a><\/td><\/tr><\/tbody><\/table><\/figure>\n\n\n\n<p class=\"has-text-align-center\"><a href=\"https:\/\/www.facebook.com\/groups\/239978496041853\/\" target=\"_blank\" rel=\"noopener noreferrer\"><strong>Allez \u00e0 la IGC Facebook Page: voir ce qui se passe; participer \u00e0 la discussion!<\/strong><\/a><\/p>\n\n\n\n<figure class=\"wp-block-image\"><a href=\"https:\/\/www.gregorian.ca\/wp\/?attachment_id=1747\" rel=\"attachment wp-att-1747\"><img loading=\"lazy\" decoding=\"async\" width=\"300\" height=\"100\" src=\"https:\/\/www.gregorian.ca\/wp\/wp-content\/uploads\/2019\/11\/1-300x100.png\" alt=\"\" class=\"wp-image-1747\" srcset=\"https:\/\/www.gregorian.ca\/wp\/wp-content\/uploads\/2019\/11\/1-300x100.png 300w, https:\/\/www.gregorian.ca\/wp\/wp-content\/uploads\/2019\/11\/1.png 600w\" sizes=\"auto, (max-width: 300px) 100vw, 300px\" \/><\/a><\/figure>\n\n\n\n<figure class=\"wp-block-image\"><a href=\"https:\/\/www.gregorian.ca\/wp\/?attachment_id=1742\" rel=\"attachment wp-att-1742\"><img loading=\"lazy\" decoding=\"async\" width=\"300\" height=\"100\" src=\"https:\/\/www.gregorian.ca\/wp\/wp-content\/uploads\/2019\/11\/6-300x100.png\" alt=\"\" class=\"wp-image-1742\" srcset=\"https:\/\/www.gregorian.ca\/wp\/wp-content\/uploads\/2019\/11\/6-300x100.png 300w, https:\/\/www.gregorian.ca\/wp\/wp-content\/uploads\/2019\/11\/6.png 600w\" sizes=\"auto, (max-width: 300px) 100vw, 300px\" \/><\/a><\/figure>\n\n\n\n<figure class=\"wp-block-image\"><a href=\"https:\/\/www.gregorian.ca\/wp\/?attachment_id=1741\" rel=\"attachment wp-att-1741\"><img loading=\"lazy\" decoding=\"async\" width=\"300\" height=\"100\" src=\"https:\/\/www.gregorian.ca\/wp\/wp-content\/uploads\/2019\/11\/7-300x100.png\" alt=\"\" class=\"wp-image-1741\" srcset=\"https:\/\/www.gregorian.ca\/wp\/wp-content\/uploads\/2019\/11\/7-300x100.png 300w, https:\/\/www.gregorian.ca\/wp\/wp-content\/uploads\/2019\/11\/7.png 600w\" sizes=\"auto, (max-width: 300px) 100vw, 300px\" \/><\/a><\/figure>\n\n\n\n<figure class=\"wp-block-image\"><a href=\"https:\/\/www.gregorian.ca\/wp\/?attachment_id=1740\" rel=\"attachment wp-att-1740\"><img loading=\"lazy\" decoding=\"async\" width=\"300\" height=\"100\" src=\"https:\/\/www.gregorian.ca\/wp\/wp-content\/uploads\/2019\/11\/8-300x100.png\" alt=\"\" class=\"wp-image-1740\" srcset=\"https:\/\/www.gregorian.ca\/wp\/wp-content\/uploads\/2019\/11\/8-300x100.png 300w, https:\/\/www.gregorian.ca\/wp\/wp-content\/uploads\/2019\/11\/8.png 600w\" sizes=\"auto, (max-width: 300px) 100vw, 300px\" \/><\/a><\/figure>\n\n\n\n<figure class=\"wp-block-image\"><a href=\"https:\/\/www.gregorian.ca\/wp\/?attachment_id=1743\" rel=\"attachment wp-att-1743\"><img loading=\"lazy\" decoding=\"async\" width=\"300\" height=\"100\" src=\"https:\/\/www.gregorian.ca\/wp\/wp-content\/uploads\/2019\/11\/5-300x100.png\" alt=\"\" class=\"wp-image-1743\" srcset=\"https:\/\/www.gregorian.ca\/wp\/wp-content\/uploads\/2019\/11\/5-300x100.png 300w, https:\/\/www.gregorian.ca\/wp\/wp-content\/uploads\/2019\/11\/5.png 600w\" sizes=\"auto, (max-width: 300px) 100vw, 300px\" \/><\/a><\/figure>\n\n\n<div class=\"wp-block-image\">\n<figure class=\"aligncenter\"><a href=\"https:\/\/www.gregorian.ca\/wp\/?attachment_id=1687\" rel=\"attachment wp-att-1687\"><img loading=\"lazy\" decoding=\"async\" width=\"229\" height=\"300\" src=\"https:\/\/www.gregorian.ca\/wp\/wp-content\/uploads\/2019\/07\/concert-2019-229x300.jpg\" alt=\"\" class=\"wp-image-1687\" srcset=\"https:\/\/www.gregorian.ca\/wp\/wp-content\/uploads\/2019\/07\/concert-2019-229x300.jpg 229w, https:\/\/www.gregorian.ca\/wp\/wp-content\/uploads\/2019\/07\/concert-2019.jpg 653w\" sizes=\"auto, (max-width: 229px) 100vw, 229px\" \/><\/a><\/figure>\n<\/div>\n\n\n<hr class=\"wp-block-separator has-alpha-channel-opacity\"\/>\n\n\n\n<div class=\"\">\n<p align=\"CENTER\"><strong><span style=\"color: #141412;\"><span style=\"font-family: Times New Roman,serif;\"><a href=\"https:\/\/www.gregorian.ca\/wp\/wp-content\/uploads\/2019\/05\/cantemus-2019-French.pdf\"><em>Cantemus<\/em> bulletin 2019<\/a><\/span><\/span><\/strong><\/p>\n<hr>\n<div class=\"\">\n<p align=\"CENTER\"><span style=\"color: #141412;\"><span style=\"font-family: Times New Roman,serif;\"><b>14e Colloque annuel de l\u2019Institut gr\u00e9gorien du Canada<\/b><\/span><\/span><\/p>\n<\/div>\n<p align=\"CENTER\"><span style=\"color: #141412;\"><span style=\"font-family: Times New Roman,serif;\"><b><br>8 au 11 ao\u00fbt 2019<br>Abbaye Saint-Beno\u00eet-du-Lac (QC)<\/b><\/span><\/span><\/p>\n<p align=\"CENTER\"><span style=\"font-family: Times New Roman,serif;\"><b>Th\u00e8me : Plain-chant hispanique<\/b><\/span><\/p>\n<p align=\"CENTER\"><span style=\"font-family: Times New Roman,serif;\"><b>Animateur invit\u00e9 : Juan Carlos Asensio Palacios (Espagne)<\/b><\/span><\/p>\n<p><a name=\"_GoBack\"><\/a><span style=\"font-family: Times New Roman,serif;\">Le colloque portera sur le <\/span><span style=\"font-family: Times New Roman,serif;\"><i>chant hispanique<\/i><\/span><span style=\"font-family: Times New Roman,serif;\"> (souvent appel\u00e9 mozarabe). Les participants auront l&#8217;occasion de se familiariser avec ce r\u00e9pertoire lors d&#8217;ateliers pratiques dirig\u00e9s par Juan Carlos Asensio Palacios, directeur de la Schola Antiqua (Espagne) et musicologue r\u00e9put\u00e9. M. Asensio partagera \u00e9galement ses connaissances de l&#8217;histoire du chant liturgique hispanique, de ses sources manuscrites et des efforts d\u00e9ploy\u00e9s pour le faire revivre.<\/span><\/p>\n<p><span style=\"font-family: Times New Roman,serif;\">Le colloque se terminera l&#8217;apr\u00e8s-midi du 11 ao\u00fbt par un concert <\/span><span style=\"font-family: Times New Roman,serif;\"><i>Chant hispanique et orgue<\/i><\/span><span style=\"font-family: Times New Roman,serif;\"> pr\u00e9sent\u00e9 dans l&#8217;\u00e9glise abbatiale de Saint-Beno\u00eet-du Lac. Les participants y pr\u00e9senteront, sous la direction de M. Asensio, le r\u00e9sultat du travail r\u00e9alis\u00e9 au cours du week-end. L&#8217;organiste dom Richard Gagn\u00e9, o.s.b., improvisera \u00e0 l&#8217;orgue sur les chants interpr\u00e9t\u00e9s par les participants au colloque.<\/span><\/p>\n<p lang=\"fr-FR\"><span style=\"font-family: Times New Roman,serif;\"><span style=\"color: #141412;\">&nbsp;<a href=\"https:\/\/www.gregorian.ca\/wp\/index.php\/colloque-2019-st-benoit-du-lac-colloquium\/\">Cliquez ici pour information et inscription.<\/a>&nbsp;<\/span><\/span><\/p>\n<figure><a href=\"https:\/\/www.gregorian.ca\/wp\/wp-content\/uploads\/2017\/02\/St-Benoit.jpg\"><img loading=\"lazy\" decoding=\"async\" class=\" wp-image-1216 aligncenter\" src=\"https:\/\/www.gregorian.ca\/wp\/wp-content\/uploads\/2017\/02\/St-Benoit-300x169.jpg\" alt=\"St Benoit\" width=\"440\" height=\"248\" srcset=\"https:\/\/www.gregorian.ca\/wp\/wp-content\/uploads\/2017\/02\/St-Benoit-300x169.jpg 300w, https:\/\/www.gregorian.ca\/wp\/wp-content\/uploads\/2017\/02\/St-Benoit.jpg 800w\" sizes=\"auto, (max-width: 440px) 100vw, 440px\" \/><\/a><\/figure><p><\/p>\n<\/div>\n\n\n\n<div class=\"\"><i class=\"\">&nbsp;<\/i><\/div>\n\n\n\n<hr class=\"wp-block-separator has-alpha-channel-opacity\"\/>\n\n\n\n<p class=\"has-text-align-center\"><a href=\"https:\/\/www.gregorian.ca\/wp\/wp-content\/uploads\/2018\/11\/Cantemus-2018-French.pdf\"><em>Cantemus<\/em> bulletin 2018<\/a><\/p>\n\n\n\n<hr class=\"wp-block-separator has-alpha-channel-opacity\"\/>\n\n\n\n<h4 class=\"wp-block-heading\">la f\u00eate de l\u2019Assomption<\/h4>\n\n\n\n<p>Chers amis,<br class=\"\"><br class=\"\">Bandon Wild et moi (William Renwick) formons le projet de chanter, selon&nbsp;le rit de Sarum, la liturgie compl\u00e8te de la f\u00eate de l\u2019Assomption, les 14 et 15&nbsp;ao\u00fbt 2018. Si cela&nbsp;vous int\u00e9resse, vous \u00eates cordialement invit\u00e9s \u00e0 y&nbsp;participer, en tout ou en partie. Il s\u2019agit principalement de vivre une exp\u00e9rience&nbsp;pratique de liturgie&nbsp;m\u00e9di\u00e9vale.<br class=\"\"><br class=\"\">Les textes et les chants se trouvent \u00e0 cette adresse :&nbsp;<a class=\"\" href=\"https:\/\/macmail.mcmaster.ca\/owa\/redir.aspx?C=JzSdaqoEZm-a7xr8V-diefvoUP4T6SjtSi-ikFgGRY6jRERvQtXVCA..&amp;URL=https%3a%2f%2fmacsphere.mcmaster.ca%2fbitstream%2f11375%2f15874%2f107%2fAugust%252015%2520assumption.pdf\" target=\"_blank\" rel=\"noopener noreferrer\">https:\/\/macsphere.mcmaster.ca\/bitstream\/11375\/15874\/107\/August%2015%20assumption.pdf&nbsp;<\/a>&nbsp;<br class=\"\"><br class=\"\">\u00c9tant donn\u00e9 la taille du document (190 pages), nous ne pourrons pas vous&nbsp;fournir de copie, mais vous \u00eates enti\u00e8rement libres de l\u2019imprimer, au&nbsp;complet&nbsp;ou partiellement.<br class=\"\"><br class=\"\">Nous chanterons \u00e0 l\u2019\u00e9glise Grace Lutheran, 1107 Main St W, Hamilton, ON.<br class=\"\"><br class=\"\">Le tout se d\u00e9rourela selon l\u2019horaire (approximatif) suivant&nbsp;:&nbsp;<br class=\"\"><br class=\"\"><u class=\"\">Mardi&nbsp;14 ao\u00fbt<\/u> 2018:<\/p>\n\n\n\n<p>Premi\u00e8res V\u00eapres :&nbsp;19h00<\/p>\n\n\n\n<div class=\"\">Complies : 20h00&nbsp;<br class=\"\"><br class=\"\"><u class=\"\">Mercredi 15 ao\u00fbt<\/u> 2018&nbsp;:<\/div>\n\n\n\n<div class=\"\">Matines : 7h00<br class=\"\">Laudes : 8h30<br class=\"\">Prime : 9h15<br class=\"\">Chapitre : 9h45<br class=\"\">Tierce : 10h30<br class=\"\">Procession : 11h00<br class=\"\">Messe : 11h15<br class=\"\">Sexte : 13h00<br class=\"\">None : 15h30<br class=\"\">Deuxi\u00e8mes V\u00eapres : 18h30<br class=\"\">Complies : 19h30<\/div>\n\n\n\n<hr class=\"wp-block-separator has-alpha-channel-opacity\"\/>\n\n\n\n<h4 class=\"wp-block-heading\">COMPARATIO&nbsp; base de donn\u00e9e<\/h4>\n\n\n\n<p>Chers Coll\u00e8gues,<\/p>\n\n\n\n<p>Je suis Directrice de recherche \u00e9m\u00e9rite \u00e0 l\u2019Institut de recherche et d\u2019histoire des textes (CNRS) \u00e0 Paris o\u00f9 j\u2019\u00e9tudie les chants liturgiques m\u00e9di\u00e9vaux.<\/p>\n\n\n\n<p>Je m\u2019adresse \u00e0 vous aujourd\u2019hui pour vous pr\u00e9senter une nouvelle base de donn\u00e9e, COMPARATIO, \u00e0 laquelle je travaille depuis plusieurs ann\u00e9es&nbsp;; j\u2019y \u00e9tudie les chants de l\u2019office liturgique m\u00e9di\u00e9val. Pour chaque chant \u00e9tudi\u00e9, je donne les transcriptions de versions provenant de manuscrits d\u2019origines diff\u00e9rentes. Mon but est de faire conna\u00eetre des variantes latines et musicales encore inconnues et faciliter ainsi l\u2019identification de manuscrits d\u2019origine inconnue.<\/p>\n\n\n\n<p>Par ailleurs, COMPARATIO permet l\u2019\u00e9tude de l\u2019\u00e9volution modale de ces&nbsp; chants gr\u00e2ce aux variantes musicales. Et dans le domaine pratique, COMPARATIO peut \u00eatre utile aux chefs de ch\u0153urs gr\u00e9goriens qui veulent am\u00e9liorer la connaissance de leur r\u00e9pertoire et ainsi mieux le chanter.<\/p>\n\n\n\n<p>Je joins \u00e0 mon message une pr\u00e9sentation parue dans la revue d\u2019\u00e9tudes m\u00e9di\u00e9vales <em>Scriptorium<\/em> dans laquelle vous verrez ses diff\u00e9rentes capacit\u00e9s.<\/p>\n\n\n\n<p>Avec l\u2019aide des informaticiens de mon laboratoire, COMPARATIO fonctionne bien aujourd\u2019hui, et nous l\u2019avons mise en ligne \u00e0 l\u2019adresse suivante&nbsp;:<\/p>\n\n\n\n<p><a href=\"http:\/\/comparatio.irht.cnrs.fr\" data-saferedirecturl=\"https:\/\/www.google.com\/url?hl=en-GB&amp;q=http:\/\/comparatio.irht.cnrs.fr&amp;source=gmail&amp;ust=1526378374117000&amp;usg=AFQjCNGD-x5yikSvN0R3fyMj7_8QfMLM8w\">comparatio.irht.cnrs.fr<\/a><\/p>\n\n\n\n<p>Je serais heureuse de recueillir vos remarques et suggestions au sujet de COMPARATIO.<\/p>\n\n\n\n<p>Par ailleurs, j\u2019aimerais avoir \u00e9galement votre opinion sur un projet de coop\u00e9ration entre les utilisateurs et moi-m\u00eame :<\/p>\n\n\n\n<p>A l\u2019heure actuelle, je choisis au hasard les chants que je traite et certains n\u2019entreront dans COMPARATIO que dans plusieurs ann\u00e9es. Un lecteur ou un chef de ch\u0153ur int\u00e9ress\u00e9s par un chant pourrait en passer commande contre une petite r\u00e9mun\u00e9ration&nbsp;: Ce serait un service positif \u00e0 la fois pour le lecteur qui pourrait \u00e9tudier son chant et pour moi qui cherche de l\u2019argent pour d\u00e9velopper COMPARATIO.<\/p>\n\n\n\n<p>Qu\u2019en pensez vous&nbsp;? Un tel projet vous para\u00eet-il r\u00e9aliste et utile&nbsp;? Seriez vous personnellement int\u00e9ress\u00e9&nbsp;?<\/p>\n\n\n\n<p>Tr\u00e8s cordialement,<\/p>\n\n\n\n<p>\u200bClaire Ma\u00eetre<br>Institut de recherche et d&#8217;histoire des textes CNRS,&nbsp; UPR 841<br><a href=\"https:\/\/maps.google.com\/?q=40,+avenue+d+I%C3%A9na,+75116+Paris&amp;entry=gmail&amp;source=g\">40, avenue d<\/a>&#8216;<a href=\"https:\/\/maps.google.com\/?q=40,+avenue+d+I%C3%A9na,+75116+Paris&amp;entry=gmail&amp;source=g\">I\u00e9na, 75116 Paris<\/a><\/p>\n\n\n\n<hr class=\"wp-block-separator has-alpha-channel-opacity\"\/>\n\n\n\n<p class=\"has-text-align-center\"><strong>Tenebrae<\/strong><\/p>\n\n\n\n<p class=\"has-text-align-center\"><strong><a href=\"http:\/\/hmcwordpress.mcmaster.ca\/renwick\/profile\/hamilton-schola-cantorum\/\" target=\"_blank\" rel=\"noopener noreferrer\">Hamilton Schola Cantorum<\/a><\/strong><\/p>\n\n\n\n<p class=\"has-text-align-center\">Responsories de Healey Willan<\/p>\n\n\n\n<p class=\"has-text-align-center\">Port Nelson United Church, <span class=\"_Xbe\">3132 South Dr<\/span>, Burlington ON<\/p>\n\n\n\n<p class=\"has-text-align-center\">Dimanche 25 mars, h 19:00<\/p>\n\n\n\n<hr class=\"wp-block-separator has-alpha-channel-opacity\"\/>\n\n\n\n<p class=\"has-text-align-center\"><a href=\"http:\/\/www.psalterium.nl\/\" target=\"_blank\" rel=\"noopener noreferrer\">Stichting Psalterium: la fondation de Psalterium<\/a><\/p>\n\n\n\n<hr class=\"wp-block-separator has-alpha-channel-opacity\"\/>\n\n\n\n<p class=\"has-text-align-center\"><a href=\"http:\/\/musmed.eu\/\" target=\"_blank\" rel=\"noopener noreferrer\"><span id=\"result_box\" class=\"short_text\" lang=\"fr\"><span class=\"\">manuscrits musicaux m\u00e9di\u00e9vaux<\/span><\/span> : <span id=\"result_box\" class=\"short_text\" lang=\"fr\"><span class=\"\">base de donn\u00e9es<\/span><\/span><\/a><\/p>\n\n\n\n<hr class=\"wp-block-separator has-alpha-channel-opacity\"\/>\n\n\n\n<p class=\"has-text-align-center\"><strong>Messe en fran\u00e7ais avec chants gr\u00e9goriens<\/strong><br><strong>10 F\u00c9VRIER 16 H<\/strong><br><strong>\u00c9glise Sacr\u00e9-Coeur, 244, rue Boss\u00e9, Chicoutimi<\/strong><br><a href=\"https:\/\/www.gregorian.ca\/wp\/wp-content\/uploads\/2018\/02\/una-voce-2018.pdf\">una-voce-2018.pdf<\/a><\/p>\n\n\n\n<hr class=\"wp-block-separator has-alpha-channel-opacity\"\/>\n","protected":false},"excerpt":{"rendered":"<p>Cantemus 2024 Cantemus-2024-FR-1-11 Cantemus-2024-FR-12-14 Cantemus 2023 Appel \u00e0 communications La restauration du chant gr\u00e9gorien Hommage \u00e0 dom Joseph Pothier (1835-1923) \u00c0 l\u2019occasion du centenaire de la mort de dom Joseph Pothier (1835-1923) et du 140eanniversaire de la publication du Liber Gradualis (1883), l\u2019Association MusicologieM\u00e9di\u00e9vale et l\u2019abbaye Saint-Wandrille vous invitent \u00e0 proposer des communicationspour une conf\u00e9rence &hellip; <a href=\"https:\/\/www.gregorian.ca\/wp\/?page_id=80\" class=\"more-link\">Continue reading <span class=\"screen-reader-text\">Actualit\u00e9s<\/span> <span class=\"meta-nav\">&rarr;<\/span><\/a><\/p>\n","protected":false},"author":1,"featured_media":0,"parent":11,"menu_order":0,"comment_status":"closed","ping_status":"closed","template":"","meta":{"footnotes":""},"class_list":["post-80","page","type-page","status-publish","hentry"],"_links":{"self":[{"href":"https:\/\/www.gregorian.ca\/wp\/index.php?rest_route=\/wp\/v2\/pages\/80","targetHints":{"allow":["GET"]}}],"collection":[{"href":"https:\/\/www.gregorian.ca\/wp\/index.php?rest_route=\/wp\/v2\/pages"}],"about":[{"href":"https:\/\/www.gregorian.ca\/wp\/index.php?rest_route=\/wp\/v2\/types\/page"}],"author":[{"embeddable":true,"href":"https:\/\/www.gregorian.ca\/wp\/index.php?rest_route=\/wp\/v2\/users\/1"}],"replies":[{"embeddable":true,"href":"https:\/\/www.gregorian.ca\/wp\/index.php?rest_route=%2Fwp%2Fv2%2Fcomments&post=80"}],"version-history":[{"count":84,"href":"https:\/\/www.gregorian.ca\/wp\/index.php?rest_route=\/wp\/v2\/pages\/80\/revisions"}],"predecessor-version":[{"id":2402,"href":"https:\/\/www.gregorian.ca\/wp\/index.php?rest_route=\/wp\/v2\/pages\/80\/revisions\/2402"}],"up":[{"embeddable":true,"href":"https:\/\/www.gregorian.ca\/wp\/index.php?rest_route=\/wp\/v2\/pages\/11"}],"wp:attachment":[{"href":"https:\/\/www.gregorian.ca\/wp\/index.php?rest_route=%2Fwp%2Fv2%2Fmedia&parent=80"}],"curies":[{"name":"wp","href":"https:\/\/api.w.org\/{rel}","templated":true}]}}