{"id":62,"date":"2015-09-10T14:19:06","date_gmt":"2015-09-10T18:19:06","guid":{"rendered":"http:\/\/www.gregorian.ca\/wp\/?page_id=62"},"modified":"2024-06-01T12:24:26","modified_gmt":"2024-06-01T16:24:26","slug":"news-and-events","status":"publish","type":"page","link":"https:\/\/www.gregorian.ca\/wp\/?page_id=62","title":{"rendered":"News and Events"},"content":{"rendered":"\n<p class=\"has-text-align-center has-large-font-size\">Cantemus 2024<\/p>\n\n\n<p><a href=\"https:\/\/www.gregorian.ca\/wp\/?attachment_id=2390\" rel=\"attachment wp-att-2390\">Cantemus-2024-EN-1-10<\/a><\/p>\n<p><a href=\"https:\/\/www.gregorian.ca\/wp\/?attachment_id=2391\" rel=\"attachment wp-att-2391\">Cantemus-2024-EN-11-13<\/a><\/p>\n\n\n<p class=\"has-text-align-center has-large-font-size\"><strong><a rel=\"attachment wp-att-2190\" href=\"https:\/\/www.gregorian.ca\/wp\/?attachment_id=2190\">Cantemus-2023-EN<\/a><\/strong><\/p>\n\n\n\n<p class=\"has-text-align-center has-large-font-size\"><strong>Call for Papers<\/strong><\/p>\n\n\n\n<p class=\"has-text-align-center has-medium-font-size\"><strong>The Restoration of Gregorian Chant<\/strong><br><strong>A Tribute to Dom Joseph Pothier (1835\u20131923)<\/strong><br>To mark the centenary of the death of Dom Joseph Pothier (1835\u20131923) and the 140th anniversary of the publication of the Liber Gradualis (1883), the Association Musicologie M\u00e9di\u00e9vale and Saint-Wandrille Abbey invite you to submit papers for a conference to be held from October 30 to November 1, 2023, at Saint-Wandrille Abbey (Normandy) titled<\/p>\n\n\n\n<p class=\"has-text-align-center has-medium-font-size\"><strong>The Restoration of Gregorian Chant<\/strong><\/p>\n\n\n\n<p class=\"has-text-align-center has-medium-font-size\"><strong>A Tribute to Dom Joseph Pothier (1835\u20131923)<\/strong><\/p>\n\n\n\n<p class=\"has-text-align-center has-medium-font-size\">Paper proposals may focus\u2014in particular, but not exclusively\u2014on the work of Dom Pothier. Proposals on the restoration of Gregorian chant from its earliest manifestations up to the present day, the socio-political components of this movement as they came to light in the 19th and early 20th centuries will also be accepted. Musical palaeography and Gregorian chant performance practises are also welcome topics.<br>Papers (in English or French) must last a maximum of 20 minutes, followed by a 10- minute discussion period. The deadline for submitting paper proposals is March 15, 2023. Please include in your submission, which can be in English or French, an abstract (MSWord or PDF file) of no more than 250 words and a biographical note of no more than 150 words, indicating any institutional affiliation. Please send these documents to <strong>musicologie.medievale@gmail.com<\/strong><br>The Conference Paper Review Committee is made up of Juan Carlos Asensio (Escola Superior de M\u00fasica de Catalunya), Dominique Crochu (Musicologie m\u00e9di\u00e9vale), Katharine Ellis (University of Cambridge), Jean-Pierre Noiseux (independent scholar, Montreal) and Fr\u00e9d\u00e9ric Peruta, o.s.b. (Saint-Wandrille Abbey). Coordinator: Dominique Gatt\u00e9 (Musicologie M\u00e9di\u00e9vale).<\/p>\n\n\n\n<p><\/p>\n\n\n\n<p><\/p>\n\n\n\n<hr class=\"wp-block-separator has-alpha-channel-opacity\"\/>\n\n\n\n<p><\/p>\n\n\n<div class=\"wp-block-image\">\n<figure class=\"aligncenter\"><img decoding=\"async\" src=\"https:\/\/mail.google.com\/mail\/u\/0?ui=2&amp;ik=6f6fd498d5&amp;attid=0.1&amp;permmsgid=msg-f:1651139516668536204&amp;th=16ea06a46da3658c&amp;view=fimg&amp;sz=s0-l75-ft&amp;attbid=ANGjdJ_pFnUOW3iUZnqomCZglwkwe0MOaYgKkN3bmCSuSX6EfxKPjLH15GIb1RynqPy94PHdnRKudzF1bNX76jZQhQQBOhCa1UfChD-Nku5ZKrzxW0EXWfZ97cgQ0vE&amp;disp=emb&amp;realattid=16ea0692751e8ceae861\" alt=\"image\"\/><\/figure>\n<\/div>\n\n\n<p><strong>40\u00b0 Corso Internazionale di&nbsp;<\/strong><strong>Canto Gregoriano<\/strong><\/p>\n\n\n\n<p><strong>A.I.S.C.Gre.&nbsp;<\/strong><strong>Associazione Internazionale Studi di Canto Gregoriano &#8211; sez. italiana<\/strong><\/p>\n\n\n\n<p><a href=\"http:\/\/www.aiscgre.it\/\" data-saferedirecturl=\"https:\/\/www.google.com\/url?q=http:\/\/www.aiscgre.it&amp;source=gmail&amp;ust=1574813024187000&amp;usg=AFQjCNHUO5gtmb9tEQmBvUq7NgQMNmQgEA\">www.aiscgre.it<\/a><\/p>\n\n\n\n<p>sessione invernale:<strong>&nbsp;2 &#8211; 5 gennaio 2020, Cremona<\/strong><\/p>\n\n\n\n<p>docenti:&nbsp;<strong>Giovanni Conti,&nbsp;<\/strong><strong>Angelo Corno,&nbsp;<\/strong><strong>Alessandro De Lillo,&nbsp;<\/strong><strong>Riccardo Zoja<\/strong><\/p>\n\n\n\n<p><strong>Ricordiamo a tutti gli interessati che le iscrizioni saranno aperte fino al giorno 5 dicembre 2019<\/strong><\/p>\n\n\n\n<p>Tutte le informazioni sui programmi dei corsi e le possibilit\u00e0 di alloggio a prezzi convenzionati&nbsp;sono reperibili sul depliant:<\/p>\n\n\n\n<figure class=\"wp-block-table\"><table><tbody><tr><td>\n<p>&nbsp;&nbsp;&nbsp;&nbsp;<a href=\"http:\/\/www.aiscgre.it\/images\/depli1920new.pdf\" data-saferedirecturl=\"https:\/\/www.google.com\/url?q=http:\/\/www.aiscgre.it\/images\/depli1920new.pdf&amp;source=gmail&amp;ust=1574813024187000&amp;usg=AFQjCNE_6xnOXBcn6fppbEh3vGwOih5hXA\">scarica qui il depliant in pdf<\/a><\/p>\n<\/td><\/tr><\/tbody><\/table><\/figure>\n\n\n\n<p>Per accedere al sito e iscriversi:<\/p>\n\n\n\n<figure class=\"wp-block-table\"><table><tbody><tr><td>\n<p><a href=\"http:\/\/www.aiscgre.it\/index.php?option=com_foxcontact&amp;view=foxcontact&amp;Itemid=129\" data-saferedirecturl=\"https:\/\/www.google.com\/url?q=http:\/\/www.aiscgre.it\/index.php?option%3Dcom_foxcontact%26view%3Dfoxcontact%26Itemid%3D129&amp;source=gmail&amp;ust=1574813024187000&amp;usg=AFQjCNGHby4k_WULX0EDjyLoUVqGZTIAtw\">compila qui la scheda di iscrizione<\/a><\/p>\n<\/td><\/tr><\/tbody><\/table><\/figure>\n\n\n\n<p class=\"has-text-align-center\"><a href=\"https:\/\/www.facebook.com\/groups\/239978496041853\/\" target=\"_blank\" rel=\"noopener noreferrer\"><strong>Go to the GIC Facebook Page: see what&#8217;s happening; join the discussion!<\/strong><\/a><\/p>\n\n\n\n<figure class=\"wp-block-image\"><a href=\"https:\/\/www.gregorian.ca\/wp\/?attachment_id=1743\" rel=\"attachment wp-att-1743\"><img loading=\"lazy\" decoding=\"async\" width=\"300\" height=\"100\" src=\"https:\/\/www.gregorian.ca\/wp\/wp-content\/uploads\/2019\/11\/5-300x100.png\" alt=\"\" class=\"wp-image-1743\" srcset=\"https:\/\/www.gregorian.ca\/wp\/wp-content\/uploads\/2019\/11\/5-300x100.png 300w, https:\/\/www.gregorian.ca\/wp\/wp-content\/uploads\/2019\/11\/5.png 600w\" sizes=\"auto, (max-width: 300px) 100vw, 300px\" \/><\/a><\/figure>\n\n\n\n<figure class=\"wp-block-image\"><a href=\"https:\/\/www.gregorian.ca\/wp\/?attachment_id=1744\" rel=\"attachment wp-att-1744\"><img loading=\"lazy\" decoding=\"async\" width=\"300\" height=\"100\" src=\"https:\/\/www.gregorian.ca\/wp\/wp-content\/uploads\/2019\/11\/4-300x100.png\" alt=\"\" class=\"wp-image-1744\" srcset=\"https:\/\/www.gregorian.ca\/wp\/wp-content\/uploads\/2019\/11\/4-300x100.png 300w, https:\/\/www.gregorian.ca\/wp\/wp-content\/uploads\/2019\/11\/4.png 600w\" sizes=\"auto, (max-width: 300px) 100vw, 300px\" \/><\/a><\/figure>\n\n\n\n<figure class=\"wp-block-image\"><a href=\"https:\/\/www.gregorian.ca\/wp\/?attachment_id=1745\" rel=\"attachment wp-att-1745\"><img loading=\"lazy\" decoding=\"async\" width=\"300\" height=\"100\" src=\"https:\/\/www.gregorian.ca\/wp\/wp-content\/uploads\/2019\/11\/3-300x100.png\" alt=\"\" class=\"wp-image-1745\" srcset=\"https:\/\/www.gregorian.ca\/wp\/wp-content\/uploads\/2019\/11\/3-300x100.png 300w, https:\/\/www.gregorian.ca\/wp\/wp-content\/uploads\/2019\/11\/3.png 600w\" sizes=\"auto, (max-width: 300px) 100vw, 300px\" \/><\/a><\/figure>\n\n\n\n<figure class=\"wp-block-image\"><a href=\"https:\/\/www.gregorian.ca\/wp\/?attachment_id=1746\" rel=\"attachment wp-att-1746\"><img loading=\"lazy\" decoding=\"async\" width=\"300\" height=\"100\" src=\"https:\/\/www.gregorian.ca\/wp\/wp-content\/uploads\/2019\/11\/2-300x100.png\" alt=\"\" class=\"wp-image-1746\" srcset=\"https:\/\/www.gregorian.ca\/wp\/wp-content\/uploads\/2019\/11\/2-300x100.png 300w, https:\/\/www.gregorian.ca\/wp\/wp-content\/uploads\/2019\/11\/2.png 600w\" sizes=\"auto, (max-width: 300px) 100vw, 300px\" \/><\/a><\/figure>\n\n\n\n<figure class=\"wp-block-image\"><a href=\"https:\/\/www.gregorian.ca\/wp\/?attachment_id=1747\" rel=\"attachment wp-att-1747\"><img loading=\"lazy\" decoding=\"async\" width=\"300\" height=\"100\" src=\"https:\/\/www.gregorian.ca\/wp\/wp-content\/uploads\/2019\/11\/1-300x100.png\" alt=\"\" class=\"wp-image-1747\" srcset=\"https:\/\/www.gregorian.ca\/wp\/wp-content\/uploads\/2019\/11\/1-300x100.png 300w, https:\/\/www.gregorian.ca\/wp\/wp-content\/uploads\/2019\/11\/1.png 600w\" sizes=\"auto, (max-width: 300px) 100vw, 300px\" \/><\/a><\/figure>\n\n\n<div class=\"wp-block-image\">\n<figure class=\"aligncenter\"><a href=\"https:\/\/www.gregorian.ca\/wp\/?attachment_id=1687\" rel=\"attachment wp-att-1687\"><img loading=\"lazy\" decoding=\"async\" width=\"229\" height=\"300\" src=\"https:\/\/www.gregorian.ca\/wp\/wp-content\/uploads\/2019\/07\/concert-2019-229x300.jpg\" alt=\"\" class=\"wp-image-1687\" srcset=\"https:\/\/www.gregorian.ca\/wp\/wp-content\/uploads\/2019\/07\/concert-2019-229x300.jpg 229w, https:\/\/www.gregorian.ca\/wp\/wp-content\/uploads\/2019\/07\/concert-2019.jpg 653w\" sizes=\"auto, (max-width: 229px) 100vw, 229px\" \/><\/a><\/figure>\n<\/div>\n\n\n<hr class=\"wp-block-separator has-alpha-channel-opacity\"\/>\n\n\n\n<p class=\"has-text-align-center\"><strong><a href=\"https:\/\/www.gregorian.ca\/wp\/wp-content\/uploads\/2019\/05\/cantemus-2019-English.pdf\"><em>Cantemus<\/em> Newsletter 2019<\/a><\/strong><\/p>\n\n\n\n<hr class=\"wp-block-separator has-alpha-channel-opacity\"\/>\n\n\n\n<p><span style=\"color: #141412;\"><span style=\"font-family: Times New Roman,serif;\"><span lang=\"en-US\"><b>14th Annual Colloquium of the Gregorian Institute of Canada<br>August 8-11, 2019<br>Saint-Beno\u00eet-du-Lac Abbey (QC)<\/b><\/span><\/span><\/span><\/p>\n\n\n\n<p><span style=\"color: #141412;\"><span style=\"font-family: Times New Roman,serif;\"><span lang=\"en-US\"><b>Theme : Hispanic Plainchant<\/b><\/span><\/span><\/span><\/p>\n\n\n\n<p><span style=\"color: #141412;\"><span style=\"font-family: Times New Roman,serif;\"><span lang=\"en-US\"><b>Guest clinician : Juan Carlos Asensio Palacios (Spain)<\/b><\/span><\/span><\/span><\/p>\n\n\n\n<p><span style=\"font-family: Times New Roman,serif;\"><span style=\"color: #141412;\"><span lang=\"en-CA\">The colloquium centres on <\/span><\/span><span style=\"color: #141412;\"><span lang=\"en-CA\"><i>Hispanic chant<\/i><\/span><\/span><span style=\"color: #141412;\"><span lang=\"en-CA\"> (often called Mozarabic chant).<\/span><\/span> <span style=\"color: #141412;\"><span lang=\"en-CA\">Participants will have the opportunity to acquaint themselves with this repertoire through workshops conducted by Juan Carlos Asensio Palacios, Director of the Schola Antiqua (Spain) and a renowned musicologist. Mr. Asensio will also share his knowledge of the history of Hispanic liturgical chant, its manuscript sources, and efforts aimed at its revival.<\/span><\/span><\/span><\/p>\n\n\n\n<p><span style=\"font-family: Times New Roman,serif;\"><span style=\"color: #141412;\"><span lang=\"en-CA\">The colloquium will conclude on August 11 in the afternoon with a concert of&nbsp;<\/span><\/span><span style=\"color: #141412;\"><span lang=\"en-CA\"><i>Hispanic Chant and Organ<\/i><\/span><\/span><span style=\"color: #141412;\"><span lang=\"en-CA\">&nbsp;presented in the abbatial church of Saint-Beno\u00eet-du-Lac. Under the direction of Mr. Asensio, participants will present the fruit of the work they have accomplished over the course of the weekend. Organist Dom Richard Gagn\u00e9, o.s.b., will improvise at the organ on chants performed by Colloquium participants.<\/span><\/span><\/span><\/p>\n\n\n\n<p><span style=\"font-family: Times New Roman,serif;\"><span lang=\"en-US\"><a lang=\"en-US\" href=\"https:\/\/www.gregorian.ca\/wp\/index.php\/colloque-2019-st-benoit-du-lac-colloquium\/\">For information and registration click here.<\/a><\/span><\/span><\/p>\n\n\n\n<figure class=\"wp-block-image\"><a href=\"https:\/\/www.gregorian.ca\/wp\/wp-content\/uploads\/2017\/02\/St-Benoit.jpg\"><img loading=\"lazy\" decoding=\"async\" width=\"300\" height=\"169\" src=\"https:\/\/www.gregorian.ca\/wp\/wp-content\/uploads\/2017\/02\/St-Benoit-300x169.jpg\" alt=\"St Benoit\" class=\"wp-image-1216\" srcset=\"https:\/\/www.gregorian.ca\/wp\/wp-content\/uploads\/2017\/02\/St-Benoit-300x169.jpg 300w, https:\/\/www.gregorian.ca\/wp\/wp-content\/uploads\/2017\/02\/St-Benoit.jpg 800w\" sizes=\"auto, (max-width: 300px) 100vw, 300px\" \/><\/a><\/figure>\n\n\n\n<p class=\"has-text-align-center\"><\/p>\n\n\n\n<hr class=\"wp-block-separator has-alpha-channel-opacity\"\/>\n\n\n\n<p class=\"has-text-align-center\"><a href=\"https:\/\/www.gregorian.ca\/wp\/wp-content\/uploads\/2018\/11\/Cantemus-2018-English.pdf\"><em>Cantemus<\/em> Newletter 2018<\/a><\/p>\n\n\n\n<hr class=\"wp-block-separator has-alpha-channel-opacity\"\/>\n\n\n\n<h4 class=\"wp-block-heading\">The Sarum Office and Mass: December 21-22<\/h4>\n\n\n\n<p>Dear Friends: we in Hamilton Ontario plan on singing the Sarum Office and Mass for December 21 evening and December 22 day. This will be second vespers of St. Thomas and Saturday in the ember days of Advent. All are welcome. Address: Grace Lutheran Church, 1107 Main Street West. We are planning a very full office: December 21: Vespers 7:00 pm, Compline 8:00 pm; Saturday: Matins-Lauds 7:00 am, Matins and Lauds of St. Mary, 8:50; Lauds of the Dead: 9:30, Prime-Chapter-Terce-Sext, 10:00; Mass 11:15; Lunch 12:15; None 1:00. (Hopefully we can keep to schedule!!) Anyone who is interested is most welcome: If you would like the text and music of the event, please contact me directly at renwick [at] mcmaster [dot] ca and I will send you the two large files (total 168 pages)!<\/p>\n\n\n\n<hr class=\"wp-block-separator has-alpha-channel-opacity\"\/>\n\n\n\n<h4 class=\"wp-block-heading\">&nbsp;<\/h4>\n\n\n\n<h4 class=\"wp-block-heading\">The Feast of the Assumption<\/h4>\n\n\n\n<p>Dear friends:<br>Brandon Wild and William Renwick have concocted a plan to sing the full Sarum Liturgy for the Feast of the Assumption, August 14-15, 2018.&nbsp; I write to invite you to participate if you are interested &#8211; &#8211; &#8211; in part &#8211; &#8211; &#8211; or in the whole.&nbsp; The idea is to gain an experience in medieval worship.<\/p>\n\n\n\n<p>The full liturgy is available here: <a href=\"https:\/\/macsphere.mcmaster.ca\/bitstream\/11375\/15874\/107\/August%2015%20assumption.pdf\" target=\"_blank\" rel=\"noopener noreferrer\">Feast of the Assumption<\/a>.<\/p>\n\n\n\n<p>Because of the length of the document (190 pages), we are not printing it for you &#8211; &#8211; &#8211; but you are welcome to print out any or all of it if you wish.<\/p>\n\n\n\n<p>We will be singing at Grace Lutheran Church, 1107 Main St W, Hamilton, ON.<\/p>\n\n\n\n<p>The schedule will be approximately :<br>Tuesday August 14:<br>First Vespers 7:00 pm<br>Compline : 8:00 pm<br>Wednesday August 15:<br>Matins 7:00 am<br>Lauds 8:30 am<br>Prime 9:15 am<br>Chapter 9:45 am<br>Terce 10:30 am<br>Procession 11:00 am<br>Mass 11:15 am<br>Sext 1:00 pm<br>None 3:30 pm<br>Second Vespers 6:30 pm<br>Compline 7:30 pm.<\/p>\n\n\n\n<p>Please contact me, William Renwick, for further information.<\/p>\n\n\n\n<hr class=\"wp-block-separator has-alpha-channel-opacity\"\/>\n\n\n\n<h4 class=\"wp-block-heading\">COMPARATIO DATABASE<\/h4>\n\n\n\n<p>Dear Colleagues,<\/p>\n\n\n\n<p>I am a Directrice de recherche \u00e9m\u00e9rite at the Institut de recherche et d\u2019histoire des textes (CNRS) in Paris, where I study liturgical and musical medieval chants.<\/p>\n\n\n\n<p>I am getting in touch with you to present a new musicological database, COMPARATIO, on which I have worked for some years. In it I study chants for the liturgical medieval office. For each chant, I give transcriptions coming from manuscripts of different origins. My aim is to make known latin and musical variants that are still unrecorded and thus facilitate the identification of manuscripts of unknown origin.<\/p>\n\n\n\n<p>Moreover, COMPARATIO allows the study of the modal evolution of these songs thanks to musical variations. And in the practical field, it can be useful to Gregorian choirs who want to improve the knowledge of their repertoire and thus sing it better.<\/p>\n\n\n\n<p>I attach to this mail a presentation published in the medieval journal <em>Scriptorium<\/em> explaining the various special features of the website.<\/p>\n\n\n\n<p>With the help of the computer specialists at the Institut, COMPARATIO has been developed and put online, at the folowing adress&nbsp;:<\/p>\n\n\n\n<p><a href=\"http:\/\/comparatio.irht.cnrs.fr\" data-saferedirecturl=\"https:\/\/www.google.com\/url?hl=en-GB&amp;q=http:\/\/comparatio.irht.cnrs.fr&amp;source=gmail&amp;ust=1526378374117000&amp;usg=AFQjCNGD-x5yikSvN0R3fyMj7_8QfMLM8w\">comparatio.irht.cnrs.fr<\/a><\/p>\n\n\n\n<p>I would appreciate having your reactions and remarks.<\/p>\n\n\n\n<p>In addition, I would also like to have your opinion on a cooperative project between users and myself&nbsp;:<\/p>\n\n\n\n<p>At the moment, I choose randomly the chants that I treat, and some will enter COMPARATIO not before many years. A scholar or a choir conductor interested in a particular chant could ask to have it entered against a small financial contribution. It would be a win-win partnership&nbsp;: the sponsor could study the chant and I would receive the funding I need to developp COMPARATIO.<\/p>\n\n\n\n<p>Do you think that such an idea is realistic&nbsp;and useful&nbsp;? Would you personally be interested&nbsp;?<\/p>\n\n\n\n<p>With my best regards,<\/p>\n\n\n\n<p>\u200b\u200bClaire Ma\u00eetre<br>Institut de recherche et d&#8217;histoire des textes CNRS,&nbsp; UPR 841<br><a href=\"https:\/\/maps.google.com\/?q=40,+avenue+d+I%C3%A9na,+75116+Paris&amp;entry=gmail&amp;source=g\">40, avenue d<\/a>&#8216;<a href=\"https:\/\/maps.google.com\/?q=40,+avenue+d+I%C3%A9na,+75116+Paris&amp;entry=gmail&amp;source=g\">I\u00e9na, 75116 Paris<\/a><\/p>\n\n\n\n<hr class=\"wp-block-separator has-alpha-channel-opacity\"\/>\n\n\n\n<p class=\"has-text-align-center\"><strong>Tenebrae<\/strong><\/p>\n\n\n\n<p class=\"has-text-align-center\"><strong><a href=\"http:\/\/hmcwordpress.mcmaster.ca\/renwick\/profile\/hamilton-schola-cantorum\/\" target=\"_blank\" rel=\"noopener noreferrer\">Hamilton Schola Cantorum<\/a><\/strong><\/p>\n\n\n\n<p class=\"has-text-align-center\">featuring the Responsories of Healey Willan<\/p>\n\n\n\n<p class=\"has-text-align-center\">Port Nelson United Church, <span class=\"_Xbe\">3132 South Dr<\/span>, Burlington ON<\/p>\n\n\n\n<p class=\"has-text-align-center\">Saturday, March 25, 7:00 pm<\/p>\n\n\n\n<hr class=\"wp-block-separator has-alpha-channel-opacity\"\/>\n\n\n\n<p class=\"has-text-align-center\"><a href=\"http:\/\/www.psalterium.nl\/\" target=\"_blank\" rel=\"noopener noreferrer\">Stichting Psalterium: The Psalterium Foundation<\/a><\/p>\n\n\n\n<hr class=\"wp-block-separator has-alpha-channel-opacity\"\/>\n\n\n\n<p class=\"has-text-align-center\"><a href=\"http:\/\/musmed.eu\/\" target=\"_blank\" rel=\"noopener noreferrer\">Medieval Music Manuscripts Online Database<\/a><\/p>\n\n\n\n<hr class=\"wp-block-separator has-alpha-channel-opacity\"\/>\n\n\n\n<p class=\"has-text-align-center\"><strong>Mass in French with Gregorian Chant<\/strong><br><strong>10 February 4 pm<\/strong><br><strong>\u00c9glise Sacr\u00e9-Coeur, 244, rue Boss\u00e9, Chicoutimi<\/strong><br><a href=\"https:\/\/www.gregorian.ca\/wp\/wp-content\/uploads\/2018\/02\/una-voce-2018.pdf\">una-voce-2018.pdf<\/a><\/p>\n\n\n\n<hr class=\"wp-block-separator has-alpha-channel-opacity\"\/>\n","protected":false},"excerpt":{"rendered":"<p>Cantemus 2024 Cantemus-2024-EN-1-10 Cantemus-2024-EN-11-13 Cantemus-2023-EN Call for Papers The Restoration of Gregorian ChantA Tribute to Dom Joseph Pothier (1835\u20131923)To mark the centenary of the death of Dom Joseph Pothier (1835\u20131923) and the 140th anniversary of the publication of the Liber Gradualis (1883), the Association Musicologie M\u00e9di\u00e9vale and Saint-Wandrille Abbey invite you to submit papers for &hellip; <a href=\"https:\/\/www.gregorian.ca\/wp\/?page_id=62\" class=\"more-link\">Continue reading <span class=\"screen-reader-text\">News and Events<\/span> <span class=\"meta-nav\">&rarr;<\/span><\/a><\/p>\n","protected":false},"author":1,"featured_media":0,"parent":9,"menu_order":0,"comment_status":"closed","ping_status":"closed","template":"","meta":{"footnotes":""},"class_list":["post-62","page","type-page","status-publish","hentry"],"_links":{"self":[{"href":"https:\/\/www.gregorian.ca\/wp\/index.php?rest_route=\/wp\/v2\/pages\/62","targetHints":{"allow":["GET"]}}],"collection":[{"href":"https:\/\/www.gregorian.ca\/wp\/index.php?rest_route=\/wp\/v2\/pages"}],"about":[{"href":"https:\/\/www.gregorian.ca\/wp\/index.php?rest_route=\/wp\/v2\/types\/page"}],"author":[{"embeddable":true,"href":"https:\/\/www.gregorian.ca\/wp\/index.php?rest_route=\/wp\/v2\/users\/1"}],"replies":[{"embeddable":true,"href":"https:\/\/www.gregorian.ca\/wp\/index.php?rest_route=%2Fwp%2Fv2%2Fcomments&post=62"}],"version-history":[{"count":132,"href":"https:\/\/www.gregorian.ca\/wp\/index.php?rest_route=\/wp\/v2\/pages\/62\/revisions"}],"predecessor-version":[{"id":2401,"href":"https:\/\/www.gregorian.ca\/wp\/index.php?rest_route=\/wp\/v2\/pages\/62\/revisions\/2401"}],"up":[{"embeddable":true,"href":"https:\/\/www.gregorian.ca\/wp\/index.php?rest_route=\/wp\/v2\/pages\/9"}],"wp:attachment":[{"href":"https:\/\/www.gregorian.ca\/wp\/index.php?rest_route=%2Fwp%2Fv2%2Fmedia&parent=62"}],"curies":[{"name":"wp","href":"https:\/\/api.w.org\/{rel}","templated":true}]}}